{"id":229,"date":"2017-02-17T14:20:20","date_gmt":"2017-02-17T13:20:20","guid":{"rendered":"http:\/\/www.mona-fliesa.de\/?page_id=229"},"modified":"2018-03-12T13:44:08","modified_gmt":"2018-03-12T12:44:08","slug":"programm","status":"publish","type":"page","link":"http:\/\/www.mona-fliesa.de\/index.php\/programm\/","title":{"rendered":"Programm"},"content":{"rendered":"<div id=\"pl-229\"  class=\"panel-layout\" ><div id=\"pg-229-0\"  class=\"panel-grid panel-has-style\" ><div style=\"padding: 5px 0; \" data-overlay=\"true\" data-overlay-color=\"#000000\" class=\"panel-row-style panel-row-style-for-229-0\" ><div id=\"pgc-229-0-0\"  class=\"panel-grid-cell\" ><div id=\"panel-229-0-0-0\" class=\"so-panel widget widget_sow-editor panel-first-child panel-last-child\" data-index=\"0\" ><div style=\"text-align: left;\" data-title-color=\"#443f3f\" data-headings-color=\"#443f3f\" class=\"panel-widget-style panel-widget-style-for-229-0-0-0\" ><div class=\"so-widget-sow-editor so-widget-sow-editor-base\"><h3 class=\"widget-title\">Fliesen<\/h3>\n<div class=\"siteorigin-widget-tinymce textwidget\">\n\t<p style=\"text-align: center;\"><span class=\"m\">Hier haben wir f\u00fcr Sie - als ersten Eindruck - einige Beispiele der Produkte, die wir f\u00fcr Sie bereithalten:<\/span><\/p>\n<p style=\"text-align: center;\">&nbsp;<\/p>\n<!-- index.php -->\n<div\n\tclass=\"ngg-galleryoverview ngg-ajax-pagination-none\"\n\tid=\"ngg-gallery-80979c633befeac10180532dd1ff25b2-1\">\n\n    \t\t<!-- Thumbnails -->\n\t\t\t\t<div id=\"ngg-image-0\" class=\"ngg-gallery-thumbnail-box\" >\n\t\t\t\t        <div class=\"ngg-gallery-thumbnail\">\n            <a href=\"http:\/\/www.mona-fliesa.de\/wp-content\/gallery\/galerie-fliesen-feb-2018\/mf_prog_2017_002.jpg\"\n               title=\"Mona Fliesa Bad und Wohnkeramik\"\n               data-src=\"http:\/\/www.mona-fliesa.de\/wp-content\/gallery\/galerie-fliesen-feb-2018\/mf_prog_2017_002.jpg\"\n               data-thumbnail=\"http:\/\/www.mona-fliesa.de\/wp-content\/gallery\/galerie-fliesen-feb-2018\/thumbs\/thumbs_mf_prog_2017_002.jpg\"\n               data-image-id=\"76\"\n               data-title=\"Mona Fliesa Bad und Wohnkeramik\"\n               data-description=\"Mona Fliesa Bad und Wohnkeramik\"\n               data-image-slug=\"mf_prog_2017_002\"\n               class=\"ngg-fancybox\" rel=\"80979c633befeac10180532dd1ff25b2\">\n                <img\n                    title=\"Mona Fliesa Bad und Wohnkeramik\"\n                    alt=\"Mona Fliesa Bad und Wohnkeramik\"\n                    src=\"http:\/\/www.mona-fliesa.de\/wp-content\/gallery\/galerie-fliesen-feb-2018\/thumbs\/thumbs_mf_prog_2017_002.jpg\"\n                    width=\"240\"\n                    height=\"160\"\n                    style=\"max-width:100%;\"\n                \/>\n            <\/a>\n        <\/div>\n\t\t\t\t\t\t\t<\/div> \n\t\t\t\n        \n\t\t\t\t<div id=\"ngg-image-1\" class=\"ngg-gallery-thumbnail-box\" >\n\t\t\t\t        <div class=\"ngg-gallery-thumbnail\">\n            <a href=\"http:\/\/www.mona-fliesa.de\/wp-content\/gallery\/galerie-fliesen-feb-2018\/mf_prog_2017_003.jpg\"\n               title=\"Mona Fliesa Bad und Wohnkeramik\"\n               data-src=\"http:\/\/www.mona-fliesa.de\/wp-content\/gallery\/galerie-fliesen-feb-2018\/mf_prog_2017_003.jpg\"\n               data-thumbnail=\"http:\/\/www.mona-fliesa.de\/wp-content\/gallery\/galerie-fliesen-feb-2018\/thumbs\/thumbs_mf_prog_2017_003.jpg\"\n               data-image-id=\"77\"\n               data-title=\"Mona Fliesa Bad und Wohnkeramik\"\n               data-description=\"Mona Fliesa Bad und Wohnkeramik\"\n               data-image-slug=\"mf_prog_2017_003\"\n               class=\"ngg-fancybox\" rel=\"80979c633befeac10180532dd1ff25b2\">\n                <img\n                    title=\"Mona Fliesa Bad und Wohnkeramik\"\n                    alt=\"Mona Fliesa Bad und Wohnkeramik\"\n                    src=\"http:\/\/www.mona-fliesa.de\/wp-content\/gallery\/galerie-fliesen-feb-2018\/thumbs\/thumbs_mf_prog_2017_003.jpg\"\n                    width=\"240\"\n                    height=\"160\"\n                    style=\"max-width:100%;\"\n                \/>\n            <\/a>\n        <\/div>\n\t\t\t\t\t\t\t<\/div> \n\t\t\t\n        \n\t\t\t\t<div id=\"ngg-image-2\" class=\"ngg-gallery-thumbnail-box\" >\n\t\t\t\t        <div class=\"ngg-gallery-thumbnail\">\n            <a href=\"http:\/\/www.mona-fliesa.de\/wp-content\/gallery\/galerie-fliesen-feb-2018\/mf_prog_2017_004.jpg\"\n               title=\"Mona Fliesa Bad und Wohnkeramik\"\n               data-src=\"http:\/\/www.mona-fliesa.de\/wp-content\/gallery\/galerie-fliesen-feb-2018\/mf_prog_2017_004.jpg\"\n               data-thumbnail=\"http:\/\/www.mona-fliesa.de\/wp-content\/gallery\/galerie-fliesen-feb-2018\/thumbs\/thumbs_mf_prog_2017_004.jpg\"\n               data-image-id=\"78\"\n               data-title=\"Mona Fliesa Bad und Wohnkeramik\"\n               data-description=\"Mona Fliesa Bad und Wohnkeramik\"\n               data-image-slug=\"mf_prog_2017_004\"\n               class=\"ngg-fancybox\" rel=\"80979c633befeac10180532dd1ff25b2\">\n                <img\n                    title=\"Mona Fliesa Bad und Wohnkeramik\"\n                    alt=\"Mona Fliesa Bad und Wohnkeramik\"\n                    src=\"http:\/\/www.mona-fliesa.de\/wp-content\/gallery\/galerie-fliesen-feb-2018\/thumbs\/thumbs_mf_prog_2017_004.jpg\"\n                    width=\"240\"\n                    height=\"160\"\n                    style=\"max-width:100%;\"\n                \/>\n            <\/a>\n        <\/div>\n\t\t\t\t\t\t\t<\/div> \n\t\t\t\n        \n\t\t\t\t<div id=\"ngg-image-3\" class=\"ngg-gallery-thumbnail-box\" >\n\t\t\t\t        <div class=\"ngg-gallery-thumbnail\">\n            <a href=\"http:\/\/www.mona-fliesa.de\/wp-content\/gallery\/galerie-fliesen-feb-2018\/mf_prog_2017_005.jpg\"\n               title=\"Mona Fliesa Bad und Wohnkeramik\"\n               data-src=\"http:\/\/www.mona-fliesa.de\/wp-content\/gallery\/galerie-fliesen-feb-2018\/mf_prog_2017_005.jpg\"\n               data-thumbnail=\"http:\/\/www.mona-fliesa.de\/wp-content\/gallery\/galerie-fliesen-feb-2018\/thumbs\/thumbs_mf_prog_2017_005.jpg\"\n               data-image-id=\"79\"\n               data-title=\"Mona Fliesa Bad und Wohnkeramik\"\n               data-description=\"Mona Fliesa Bad und Wohnkeramik\"\n               data-image-slug=\"mf_prog_2017_005\"\n               class=\"ngg-fancybox\" rel=\"80979c633befeac10180532dd1ff25b2\">\n                <img\n                    title=\"Mona Fliesa Bad und Wohnkeramik\"\n                    alt=\"Mona Fliesa Bad und Wohnkeramik\"\n                    src=\"http:\/\/www.mona-fliesa.de\/wp-content\/gallery\/galerie-fliesen-feb-2018\/thumbs\/thumbs_mf_prog_2017_005.jpg\"\n                    width=\"240\"\n                    height=\"160\"\n                    style=\"max-width:100%;\"\n                \/>\n            <\/a>\n        <\/div>\n\t\t\t\t\t\t\t<\/div> \n\t\t\t\n        \n\t\t\t\t<div id=\"ngg-image-4\" class=\"ngg-gallery-thumbnail-box\" >\n\t\t\t\t        <div class=\"ngg-gallery-thumbnail\">\n            <a href=\"http:\/\/www.mona-fliesa.de\/wp-content\/gallery\/galerie-fliesen-feb-2018\/mf_prog_2017_006.jpg\"\n               title=\"Mona Fliesa Bad und Wohnkeramik\"\n               data-src=\"http:\/\/www.mona-fliesa.de\/wp-content\/gallery\/galerie-fliesen-feb-2018\/mf_prog_2017_006.jpg\"\n               data-thumbnail=\"http:\/\/www.mona-fliesa.de\/wp-content\/gallery\/galerie-fliesen-feb-2018\/thumbs\/thumbs_mf_prog_2017_006.jpg\"\n               data-image-id=\"80\"\n               data-title=\"Mona Fliesa Bad und Wohnkeramik\"\n               data-description=\"Mona Fliesa Bad und Wohnkeramik\"\n               data-image-slug=\"mf_prog_2017_006\"\n               class=\"ngg-fancybox\" rel=\"80979c633befeac10180532dd1ff25b2\">\n                <img\n                    title=\"Mona Fliesa Bad und Wohnkeramik\"\n                    alt=\"Mona Fliesa Bad und Wohnkeramik\"\n                    src=\"http:\/\/www.mona-fliesa.de\/wp-content\/gallery\/galerie-fliesen-feb-2018\/thumbs\/thumbs_mf_prog_2017_006.jpg\"\n                    width=\"240\"\n                    height=\"160\"\n                    style=\"max-width:100%;\"\n                \/>\n            <\/a>\n        <\/div>\n\t\t\t\t\t\t\t<\/div> \n\t\t\t\n        \n\t\t\t\t<div id=\"ngg-image-5\" class=\"ngg-gallery-thumbnail-box\" >\n\t\t\t\t        <div class=\"ngg-gallery-thumbnail\">\n            <a href=\"http:\/\/www.mona-fliesa.de\/wp-content\/gallery\/galerie-fliesen-feb-2018\/mf_prog_2017_007.jpg\"\n               title=\"Mona Fliesa Bad und Wohnkeramik\"\n               data-src=\"http:\/\/www.mona-fliesa.de\/wp-content\/gallery\/galerie-fliesen-feb-2018\/mf_prog_2017_007.jpg\"\n               data-thumbnail=\"http:\/\/www.mona-fliesa.de\/wp-content\/gallery\/galerie-fliesen-feb-2018\/thumbs\/thumbs_mf_prog_2017_007.jpg\"\n               data-image-id=\"81\"\n               data-title=\"Mona Fliesa Bad und Wohnkeramik\"\n               data-description=\"Mona Fliesa Bad und Wohnkeramik\"\n               data-image-slug=\"mf_prog_2017_007\"\n               class=\"ngg-fancybox\" rel=\"80979c633befeac10180532dd1ff25b2\">\n                <img\n                    title=\"Mona Fliesa Bad und Wohnkeramik\"\n                    alt=\"Mona Fliesa Bad und Wohnkeramik\"\n                    src=\"http:\/\/www.mona-fliesa.de\/wp-content\/gallery\/galerie-fliesen-feb-2018\/thumbs\/thumbs_mf_prog_2017_007.jpg\"\n                    width=\"240\"\n                    height=\"160\"\n                    style=\"max-width:100%;\"\n                \/>\n            <\/a>\n        <\/div>\n\t\t\t\t\t\t\t<\/div> \n\t\t\t\n        \n\t\t\t\t<div id=\"ngg-image-6\" class=\"ngg-gallery-thumbnail-box\" >\n\t\t\t\t        <div class=\"ngg-gallery-thumbnail\">\n            <a href=\"http:\/\/www.mona-fliesa.de\/wp-content\/gallery\/galerie-fliesen-feb-2018\/mf_prog_2017_008.jpg\"\n               title=\"Mona Fliesa Bad und Wohnkeramik\"\n               data-src=\"http:\/\/www.mona-fliesa.de\/wp-content\/gallery\/galerie-fliesen-feb-2018\/mf_prog_2017_008.jpg\"\n               data-thumbnail=\"http:\/\/www.mona-fliesa.de\/wp-content\/gallery\/galerie-fliesen-feb-2018\/thumbs\/thumbs_mf_prog_2017_008.jpg\"\n               data-image-id=\"82\"\n               data-title=\"Mona Fliesa Bad und Wohnkeramik\"\n               data-description=\"Mona Fliesa Bad und Wohnkeramik\"\n               data-image-slug=\"mf_prog_2017_008\"\n               class=\"ngg-fancybox\" rel=\"80979c633befeac10180532dd1ff25b2\">\n                <img\n                    title=\"Mona Fliesa Bad und Wohnkeramik\"\n                    alt=\"Mona Fliesa Bad und Wohnkeramik\"\n                    src=\"http:\/\/www.mona-fliesa.de\/wp-content\/gallery\/galerie-fliesen-feb-2018\/thumbs\/thumbs_mf_prog_2017_008.jpg\"\n                    width=\"240\"\n                    height=\"160\"\n                    style=\"max-width:100%;\"\n                \/>\n            <\/a>\n        <\/div>\n\t\t\t\t\t\t\t<\/div> \n\t\t\t\n        \n\t\t\t\t<div id=\"ngg-image-7\" class=\"ngg-gallery-thumbnail-box\" >\n\t\t\t\t        <div class=\"ngg-gallery-thumbnail\">\n            <a href=\"http:\/\/www.mona-fliesa.de\/wp-content\/gallery\/galerie-fliesen-feb-2018\/mf_prog_2017_009.jpg\"\n               title=\"Mona Fliesa Bad und Wohnkeramik\"\n               data-src=\"http:\/\/www.mona-fliesa.de\/wp-content\/gallery\/galerie-fliesen-feb-2018\/mf_prog_2017_009.jpg\"\n               data-thumbnail=\"http:\/\/www.mona-fliesa.de\/wp-content\/gallery\/galerie-fliesen-feb-2018\/thumbs\/thumbs_mf_prog_2017_009.jpg\"\n               data-image-id=\"83\"\n               data-title=\"Mona Fliesa Bad und Wohnkeramik\"\n               data-description=\"Mona Fliesa Bad und Wohnkeramik\"\n               data-image-slug=\"mf_prog_2017_009\"\n               class=\"ngg-fancybox\" rel=\"80979c633befeac10180532dd1ff25b2\">\n                <img\n                    title=\"Mona Fliesa Bad und Wohnkeramik\"\n                    alt=\"Mona Fliesa Bad und Wohnkeramik\"\n                    src=\"http:\/\/www.mona-fliesa.de\/wp-content\/gallery\/galerie-fliesen-feb-2018\/thumbs\/thumbs_mf_prog_2017_009.jpg\"\n                    width=\"240\"\n                    height=\"160\"\n                    style=\"max-width:100%;\"\n                \/>\n            <\/a>\n        <\/div>\n\t\t\t\t\t\t\t<\/div> \n\t\t\t\n        \n\t\t\t\t<div id=\"ngg-image-8\" class=\"ngg-gallery-thumbnail-box\" >\n\t\t\t\t        <div class=\"ngg-gallery-thumbnail\">\n            <a href=\"http:\/\/www.mona-fliesa.de\/wp-content\/gallery\/galerie-fliesen-feb-2018\/mf_prog_2017_010.jpg\"\n               title=\"Mona Fliesa Bad und Wohnkeramik\"\n               data-src=\"http:\/\/www.mona-fliesa.de\/wp-content\/gallery\/galerie-fliesen-feb-2018\/mf_prog_2017_010.jpg\"\n               data-thumbnail=\"http:\/\/www.mona-fliesa.de\/wp-content\/gallery\/galerie-fliesen-feb-2018\/thumbs\/thumbs_mf_prog_2017_010.jpg\"\n               data-image-id=\"84\"\n               data-title=\"Mona Fliesa Bad und Wohnkeramik\"\n               data-description=\"Mona Fliesa Bad und Wohnkeramik\"\n               data-image-slug=\"mf_prog_2017_010\"\n               class=\"ngg-fancybox\" rel=\"80979c633befeac10180532dd1ff25b2\">\n                <img\n                    title=\"Mona Fliesa Bad und Wohnkeramik\"\n                    alt=\"Mona Fliesa Bad und Wohnkeramik\"\n                    src=\"http:\/\/www.mona-fliesa.de\/wp-content\/gallery\/galerie-fliesen-feb-2018\/thumbs\/thumbs_mf_prog_2017_010.jpg\"\n                    width=\"240\"\n                    height=\"160\"\n                    style=\"max-width:100%;\"\n                \/>\n            <\/a>\n        <\/div>\n\t\t\t\t\t\t\t<\/div> \n\t\t\t\n        \n\t\t\t\t<div id=\"ngg-image-9\" class=\"ngg-gallery-thumbnail-box\" >\n\t\t\t\t        <div class=\"ngg-gallery-thumbnail\">\n            <a href=\"http:\/\/www.mona-fliesa.de\/wp-content\/gallery\/galerie-fliesen-feb-2018\/mf_prog_2017_011.jpg\"\n               title=\"Mona Fliesa Bad und Wohnkeramik\"\n               data-src=\"http:\/\/www.mona-fliesa.de\/wp-content\/gallery\/galerie-fliesen-feb-2018\/mf_prog_2017_011.jpg\"\n               data-thumbnail=\"http:\/\/www.mona-fliesa.de\/wp-content\/gallery\/galerie-fliesen-feb-2018\/thumbs\/thumbs_mf_prog_2017_011.jpg\"\n               data-image-id=\"85\"\n               data-title=\"Mona Fliesa Bad und Wohnkeramik\"\n               data-description=\"Mona Fliesa Bad und Wohnkeramik\"\n               data-image-slug=\"mf_prog_2017_011\"\n               class=\"ngg-fancybox\" rel=\"80979c633befeac10180532dd1ff25b2\">\n                <img\n                    title=\"Mona Fliesa Bad und Wohnkeramik\"\n                    alt=\"Mona Fliesa Bad und Wohnkeramik\"\n                    src=\"http:\/\/www.mona-fliesa.de\/wp-content\/gallery\/galerie-fliesen-feb-2018\/thumbs\/thumbs_mf_prog_2017_011.jpg\"\n                    width=\"240\"\n                    height=\"160\"\n                    style=\"max-width:100%;\"\n                \/>\n            <\/a>\n        <\/div>\n\t\t\t\t\t\t\t<\/div> \n\t\t\t\n        \n\t\t\t\t<div id=\"ngg-image-10\" class=\"ngg-gallery-thumbnail-box\" >\n\t\t\t\t        <div class=\"ngg-gallery-thumbnail\">\n            <a href=\"http:\/\/www.mona-fliesa.de\/wp-content\/gallery\/galerie-fliesen-feb-2018\/mf_prog_2017_012.jpg\"\n               title=\"Mona Fliesa Bad und Wohnkeramik\"\n               data-src=\"http:\/\/www.mona-fliesa.de\/wp-content\/gallery\/galerie-fliesen-feb-2018\/mf_prog_2017_012.jpg\"\n               data-thumbnail=\"http:\/\/www.mona-fliesa.de\/wp-content\/gallery\/galerie-fliesen-feb-2018\/thumbs\/thumbs_mf_prog_2017_012.jpg\"\n               data-image-id=\"86\"\n               data-title=\"Mona Fliesa Bad und Wohnkeramik\"\n               data-description=\"Mona Fliesa Bad und Wohnkeramik\"\n               data-image-slug=\"mf_prog_2017_012\"\n               class=\"ngg-fancybox\" rel=\"80979c633befeac10180532dd1ff25b2\">\n                <img\n                    title=\"Mona Fliesa Bad und Wohnkeramik\"\n                    alt=\"Mona Fliesa Bad und Wohnkeramik\"\n                    src=\"http:\/\/www.mona-fliesa.de\/wp-content\/gallery\/galerie-fliesen-feb-2018\/thumbs\/thumbs_mf_prog_2017_012.jpg\"\n                    width=\"240\"\n                    height=\"160\"\n                    style=\"max-width:100%;\"\n                \/>\n            <\/a>\n        <\/div>\n\t\t\t\t\t\t\t<\/div> \n\t\t\t\n        \n\t\t\t\t<div id=\"ngg-image-11\" class=\"ngg-gallery-thumbnail-box\" >\n\t\t\t\t        <div class=\"ngg-gallery-thumbnail\">\n            <a href=\"http:\/\/www.mona-fliesa.de\/wp-content\/gallery\/galerie-fliesen-feb-2018\/mf_prog_2017_013.jpg\"\n               title=\"Mona Fliesa Bad und Wohnkeramik\"\n               data-src=\"http:\/\/www.mona-fliesa.de\/wp-content\/gallery\/galerie-fliesen-feb-2018\/mf_prog_2017_013.jpg\"\n               data-thumbnail=\"http:\/\/www.mona-fliesa.de\/wp-content\/gallery\/galerie-fliesen-feb-2018\/thumbs\/thumbs_mf_prog_2017_013.jpg\"\n               data-image-id=\"87\"\n               data-title=\"Mona Fliesa Bad und Wohnkeramik\"\n               data-description=\"Mona Fliesa Bad und Wohnkeramik\"\n               data-image-slug=\"mf_prog_2017_013\"\n               class=\"ngg-fancybox\" rel=\"80979c633befeac10180532dd1ff25b2\">\n                <img\n                    title=\"Mona Fliesa Bad und Wohnkeramik\"\n                    alt=\"Mona Fliesa Bad und Wohnkeramik\"\n                    src=\"http:\/\/www.mona-fliesa.de\/wp-content\/gallery\/galerie-fliesen-feb-2018\/thumbs\/thumbs_mf_prog_2017_013.jpg\"\n                    width=\"240\"\n                    height=\"160\"\n                    style=\"max-width:100%;\"\n                \/>\n            <\/a>\n        <\/div>\n\t\t\t\t\t\t\t<\/div> \n\t\t\t\n        \n\t\t\t\t<div id=\"ngg-image-12\" class=\"ngg-gallery-thumbnail-box\" >\n\t\t\t\t        <div class=\"ngg-gallery-thumbnail\">\n            <a href=\"http:\/\/www.mona-fliesa.de\/wp-content\/gallery\/galerie-fliesen-feb-2018\/mf_prog_2017_014.jpg\"\n               title=\"Mona Fliesa Bad und Wohnkeramik\"\n               data-src=\"http:\/\/www.mona-fliesa.de\/wp-content\/gallery\/galerie-fliesen-feb-2018\/mf_prog_2017_014.jpg\"\n               data-thumbnail=\"http:\/\/www.mona-fliesa.de\/wp-content\/gallery\/galerie-fliesen-feb-2018\/thumbs\/thumbs_mf_prog_2017_014.jpg\"\n               data-image-id=\"88\"\n               data-title=\"Mona Fliesa Bad und Wohnkeramik\"\n               data-description=\"Mona Fliesa Bad und Wohnkeramik\"\n               data-image-slug=\"mf_prog_2017_014\"\n               class=\"ngg-fancybox\" rel=\"80979c633befeac10180532dd1ff25b2\">\n                <img\n                    title=\"Mona Fliesa Bad und Wohnkeramik\"\n                    alt=\"Mona Fliesa Bad und Wohnkeramik\"\n                    src=\"http:\/\/www.mona-fliesa.de\/wp-content\/gallery\/galerie-fliesen-feb-2018\/thumbs\/thumbs_mf_prog_2017_014.jpg\"\n                    width=\"240\"\n                    height=\"160\"\n                    style=\"max-width:100%;\"\n                \/>\n            <\/a>\n        <\/div>\n\t\t\t\t\t\t\t<\/div> \n\t\t\t\n        \n\t\t\t\t<div id=\"ngg-image-13\" class=\"ngg-gallery-thumbnail-box\" >\n\t\t\t\t        <div class=\"ngg-gallery-thumbnail\">\n            <a href=\"http:\/\/www.mona-fliesa.de\/wp-content\/gallery\/galerie-fliesen-feb-2018\/mf_prog_2017_015.jpg\"\n               title=\"Mona Fliesa Bad und Wohnkeramik\"\n               data-src=\"http:\/\/www.mona-fliesa.de\/wp-content\/gallery\/galerie-fliesen-feb-2018\/mf_prog_2017_015.jpg\"\n               data-thumbnail=\"http:\/\/www.mona-fliesa.de\/wp-content\/gallery\/galerie-fliesen-feb-2018\/thumbs\/thumbs_mf_prog_2017_015.jpg\"\n               data-image-id=\"89\"\n               data-title=\"Mona Fliesa Bad und Wohnkeramik\"\n               data-description=\"Mona Fliesa Bad und Wohnkeramik\"\n               data-image-slug=\"mf_prog_2017_015\"\n               class=\"ngg-fancybox\" rel=\"80979c633befeac10180532dd1ff25b2\">\n                <img\n                    title=\"Mona Fliesa Bad und Wohnkeramik\"\n                    alt=\"Mona Fliesa Bad und Wohnkeramik\"\n                    src=\"http:\/\/www.mona-fliesa.de\/wp-content\/gallery\/galerie-fliesen-feb-2018\/thumbs\/thumbs_mf_prog_2017_015.jpg\"\n                    width=\"240\"\n                    height=\"160\"\n                    style=\"max-width:100%;\"\n                \/>\n            <\/a>\n        <\/div>\n\t\t\t\t\t\t\t<\/div> \n\t\t\t\n        \n\t\t\t\t<div id=\"ngg-image-14\" class=\"ngg-gallery-thumbnail-box\" >\n\t\t\t\t        <div class=\"ngg-gallery-thumbnail\">\n            <a href=\"http:\/\/www.mona-fliesa.de\/wp-content\/gallery\/galerie-fliesen-feb-2018\/mf_prog_2017_016.jpg\"\n               title=\"Mona Fliesa Bad und Wohnkeramik\"\n               data-src=\"http:\/\/www.mona-fliesa.de\/wp-content\/gallery\/galerie-fliesen-feb-2018\/mf_prog_2017_016.jpg\"\n               data-thumbnail=\"http:\/\/www.mona-fliesa.de\/wp-content\/gallery\/galerie-fliesen-feb-2018\/thumbs\/thumbs_mf_prog_2017_016.jpg\"\n               data-image-id=\"90\"\n               data-title=\"Mona Fliesa Bad und Wohnkeramik\"\n               data-description=\"Mona Fliesa Bad und Wohnkeramik\"\n               data-image-slug=\"mf_prog_2017_016\"\n               class=\"ngg-fancybox\" rel=\"80979c633befeac10180532dd1ff25b2\">\n                <img\n                    title=\"Mona Fliesa Bad und Wohnkeramik\"\n                    alt=\"Mona Fliesa Bad und Wohnkeramik\"\n                    src=\"http:\/\/www.mona-fliesa.de\/wp-content\/gallery\/galerie-fliesen-feb-2018\/thumbs\/thumbs_mf_prog_2017_016.jpg\"\n                    width=\"240\"\n                    height=\"160\"\n                    style=\"max-width:100%;\"\n                \/>\n            <\/a>\n        <\/div>\n\t\t\t\t\t\t\t<\/div> \n\t\t\t\n        \n\t\t\t\t<div id=\"ngg-image-15\" class=\"ngg-gallery-thumbnail-box\" >\n\t\t\t\t        <div class=\"ngg-gallery-thumbnail\">\n            <a href=\"http:\/\/www.mona-fliesa.de\/wp-content\/gallery\/galerie-fliesen-feb-2018\/mf_prog_2017_017.jpg\"\n               title=\"Mona Fliesa Bad und Wohnkeramik\"\n               data-src=\"http:\/\/www.mona-fliesa.de\/wp-content\/gallery\/galerie-fliesen-feb-2018\/mf_prog_2017_017.jpg\"\n               data-thumbnail=\"http:\/\/www.mona-fliesa.de\/wp-content\/gallery\/galerie-fliesen-feb-2018\/thumbs\/thumbs_mf_prog_2017_017.jpg\"\n               data-image-id=\"91\"\n               data-title=\"Mona Fliesa Bad und Wohnkeramik\"\n               data-description=\"Mona Fliesa Bad und Wohnkeramik\"\n               data-image-slug=\"mf_prog_2017_017\"\n               class=\"ngg-fancybox\" rel=\"80979c633befeac10180532dd1ff25b2\">\n                <img\n                    title=\"Mona Fliesa Bad und Wohnkeramik\"\n                    alt=\"Mona Fliesa Bad und Wohnkeramik\"\n                    src=\"http:\/\/www.mona-fliesa.de\/wp-content\/gallery\/galerie-fliesen-feb-2018\/thumbs\/thumbs_mf_prog_2017_017.jpg\"\n                    width=\"240\"\n                    height=\"160\"\n                    style=\"max-width:100%;\"\n                \/>\n            <\/a>\n        <\/div>\n\t\t\t\t\t\t\t<\/div> \n\t\t\t\n        \n\t\t\t\t<div id=\"ngg-image-16\" class=\"ngg-gallery-thumbnail-box\" >\n\t\t\t\t        <div class=\"ngg-gallery-thumbnail\">\n            <a href=\"http:\/\/www.mona-fliesa.de\/wp-content\/gallery\/galerie-fliesen-feb-2018\/mf_prog_2017_018.jpg\"\n               title=\"Mona Fliesa Bad und Wohnkeramik\"\n               data-src=\"http:\/\/www.mona-fliesa.de\/wp-content\/gallery\/galerie-fliesen-feb-2018\/mf_prog_2017_018.jpg\"\n               data-thumbnail=\"http:\/\/www.mona-fliesa.de\/wp-content\/gallery\/galerie-fliesen-feb-2018\/thumbs\/thumbs_mf_prog_2017_018.jpg\"\n               data-image-id=\"92\"\n               data-title=\"Mona Fliesa Bad und Wohnkeramik\"\n               data-description=\"Mona Fliesa Bad und Wohnkeramik\"\n               data-image-slug=\"mf_prog_2017_018\"\n               class=\"ngg-fancybox\" rel=\"80979c633befeac10180532dd1ff25b2\">\n                <img\n                    title=\"Mona Fliesa Bad und Wohnkeramik\"\n                    alt=\"Mona Fliesa Bad und Wohnkeramik\"\n                    src=\"http:\/\/www.mona-fliesa.de\/wp-content\/gallery\/galerie-fliesen-feb-2018\/thumbs\/thumbs_mf_prog_2017_018.jpg\"\n                    width=\"240\"\n                    height=\"160\"\n                    style=\"max-width:100%;\"\n                \/>\n            <\/a>\n        <\/div>\n\t\t\t\t\t\t\t<\/div> \n\t\t\t\n        \n\t\t\t\t<div id=\"ngg-image-17\" class=\"ngg-gallery-thumbnail-box\" >\n\t\t\t\t        <div class=\"ngg-gallery-thumbnail\">\n            <a href=\"http:\/\/www.mona-fliesa.de\/wp-content\/gallery\/galerie-fliesen-feb-2018\/mf_prog_2017_019.jpg\"\n               title=\"Mona Fliesa Bad und Wohnkeramik\"\n               data-src=\"http:\/\/www.mona-fliesa.de\/wp-content\/gallery\/galerie-fliesen-feb-2018\/mf_prog_2017_019.jpg\"\n               data-thumbnail=\"http:\/\/www.mona-fliesa.de\/wp-content\/gallery\/galerie-fliesen-feb-2018\/thumbs\/thumbs_mf_prog_2017_019.jpg\"\n               data-image-id=\"93\"\n               data-title=\"Mona Fliesa Bad und Wohnkeramik\"\n               data-description=\"Mona Fliesa Bad und Wohnkeramik\"\n               data-image-slug=\"mf_prog_2017_019\"\n               class=\"ngg-fancybox\" rel=\"80979c633befeac10180532dd1ff25b2\">\n                <img\n                    title=\"Mona Fliesa Bad und Wohnkeramik\"\n                    alt=\"Mona Fliesa Bad und Wohnkeramik\"\n                    src=\"http:\/\/www.mona-fliesa.de\/wp-content\/gallery\/galerie-fliesen-feb-2018\/thumbs\/thumbs_mf_prog_2017_019.jpg\"\n                    width=\"240\"\n                    height=\"160\"\n                    style=\"max-width:100%;\"\n                \/>\n            <\/a>\n        <\/div>\n\t\t\t\t\t\t\t<\/div> \n\t\t\t\n        \n\t\t\t\t<div id=\"ngg-image-18\" class=\"ngg-gallery-thumbnail-box\" >\n\t\t\t\t        <div class=\"ngg-gallery-thumbnail\">\n            <a href=\"http:\/\/www.mona-fliesa.de\/wp-content\/gallery\/galerie-fliesen-feb-2018\/mf_prog_2017_020.jpg\"\n               title=\"Mona Fliesa Bad und Wohnkeramik\"\n               data-src=\"http:\/\/www.mona-fliesa.de\/wp-content\/gallery\/galerie-fliesen-feb-2018\/mf_prog_2017_020.jpg\"\n               data-thumbnail=\"http:\/\/www.mona-fliesa.de\/wp-content\/gallery\/galerie-fliesen-feb-2018\/thumbs\/thumbs_mf_prog_2017_020.jpg\"\n               data-image-id=\"94\"\n               data-title=\"Mona Fliesa Bad und Wohnkeramik\"\n               data-description=\"Mona Fliesa Bad und Wohnkeramik\"\n               data-image-slug=\"mf_prog_2017_020\"\n               class=\"ngg-fancybox\" rel=\"80979c633befeac10180532dd1ff25b2\">\n                <img\n                    title=\"Mona Fliesa Bad und Wohnkeramik\"\n                    alt=\"Mona Fliesa Bad und Wohnkeramik\"\n                    src=\"http:\/\/www.mona-fliesa.de\/wp-content\/gallery\/galerie-fliesen-feb-2018\/thumbs\/thumbs_mf_prog_2017_020.jpg\"\n                    width=\"240\"\n                    height=\"160\"\n                    style=\"max-width:100%;\"\n                \/>\n            <\/a>\n        <\/div>\n\t\t\t\t\t\t\t<\/div> \n\t\t\t\n        \n\t\t\t\t<div id=\"ngg-image-19\" class=\"ngg-gallery-thumbnail-box\" >\n\t\t\t\t        <div class=\"ngg-gallery-thumbnail\">\n            <a href=\"http:\/\/www.mona-fliesa.de\/wp-content\/gallery\/galerie-fliesen-feb-2018\/mf_prog_2017_001.jpg\"\n               title=\"Mona Fliesa Bad und Wohnkeramik\"\n               data-src=\"http:\/\/www.mona-fliesa.de\/wp-content\/gallery\/galerie-fliesen-feb-2018\/mf_prog_2017_001.jpg\"\n               data-thumbnail=\"http:\/\/www.mona-fliesa.de\/wp-content\/gallery\/galerie-fliesen-feb-2018\/thumbs\/thumbs_mf_prog_2017_001.jpg\"\n               data-image-id=\"95\"\n               data-title=\"Mona Fliesa Bad und Wohnkeramik\"\n               data-description=\"Mona Fliesa Bad und Wohnkeramik\"\n               data-image-slug=\"mf_prog_2017_001\"\n               class=\"ngg-fancybox\" rel=\"80979c633befeac10180532dd1ff25b2\">\n                <img\n                    title=\"Mona Fliesa Bad und Wohnkeramik\"\n                    alt=\"Mona Fliesa Bad und Wohnkeramik\"\n                    src=\"http:\/\/www.mona-fliesa.de\/wp-content\/gallery\/galerie-fliesen-feb-2018\/thumbs\/thumbs_mf_prog_2017_001.jpg\"\n                    width=\"240\"\n                    height=\"160\"\n                    style=\"max-width:100%;\"\n                \/>\n            <\/a>\n        <\/div>\n\t\t\t\t\t\t\t<\/div> \n\t\t\t\n        \n\t\t\n\t\t<!-- Pagination -->\n\t<div class='ngg-clear'><\/div>\t<\/div>\n\n<\/div>\n<\/div><\/div><\/div><\/div><\/div><\/div><div id=\"pg-229-1\"  class=\"panel-grid panel-has-style\" ><div style=\"padding: 50px 0; \" data-overlay=\"true\" data-overlay-color=\"#000000\" class=\"panel-row-style panel-row-style-for-229-1\" ><div id=\"pgc-229-1-0\"  class=\"panel-grid-cell\" ><div id=\"panel-229-1-0-0\" class=\"so-panel widget widget_sow-editor panel-first-child panel-last-child\" data-index=\"1\" ><div style=\"text-align: left;\" data-title-color=\"#443f3f\" data-headings-color=\"#443f3f\" class=\"panel-widget-style panel-widget-style-for-229-1-0-0\" ><div class=\"so-widget-sow-editor so-widget-sow-editor-base\"><h3 class=\"widget-title\">Badm\u00f6bel<\/h3>\n<div class=\"siteorigin-widget-tinymce textwidget\">\n\t<p style=\"text-align: center;\"><span class=\"m\">Ab diesem Jahr erg\u00e4nzen wir unser Fliesenprogramm durch die innovativen und qualitativ hochwertigen <b>Badm\u00f6bel<\/b> der Firma <b>Mondial<\/b>.<\/span><\/p>\n<p style=\"text-align: center;\"><span class=\"m\">Hier ein Eindruck zur vielf\u00e4ltigen Produktpalette.<br \/><\/span><\/p>\n<!-- index.php -->\n<div\n\tclass=\"ngg-galleryoverview ngg-ajax-pagination-none\"\n\tid=\"ngg-gallery-c502712fa20c281c1d7c51be104eb57b-1\">\n\n    \t\t<!-- Thumbnails -->\n\t\t\t\t<div id=\"ngg-image-0\" class=\"ngg-gallery-thumbnail-box\" >\n\t\t\t\t        <div class=\"ngg-gallery-thumbnail\">\n            <a href=\"http:\/\/www.mona-fliesa.de\/wp-content\/gallery\/badmoebel_2018\/Mondial-Coff.jpg\"\n               title=\"\"\n               data-src=\"http:\/\/www.mona-fliesa.de\/wp-content\/gallery\/badmoebel_2018\/Mondial-Coff.jpg\"\n               data-thumbnail=\"http:\/\/www.mona-fliesa.de\/wp-content\/gallery\/badmoebel_2018\/thumbs\/thumbs_Mondial-Coff.jpg\"\n               data-image-id=\"67\"\n               data-title=\"Mondial Coff\"\n               data-description=\"\"\n               data-image-slug=\"mondial-coff\"\n               class=\"ngg-fancybox\" rel=\"c502712fa20c281c1d7c51be104eb57b\">\n                <img\n                    title=\"Mondial Coff\"\n                    alt=\"Mondial Coff\"\n                    src=\"http:\/\/www.mona-fliesa.de\/wp-content\/gallery\/badmoebel_2018\/thumbs\/thumbs_Mondial-Coff.jpg\"\n                    width=\"240\"\n                    height=\"160\"\n                    style=\"max-width:100%;\"\n                \/>\n            <\/a>\n        <\/div>\n\t\t\t\t\t\t\t<\/div> \n\t\t\t\n        \n\t\t\t\t<div id=\"ngg-image-1\" class=\"ngg-gallery-thumbnail-box\" >\n\t\t\t\t        <div class=\"ngg-gallery-thumbnail\">\n            <a href=\"http:\/\/www.mona-fliesa.de\/wp-content\/gallery\/badmoebel_2018\/Mondial-Fine.jpg\"\n               title=\"\"\n               data-src=\"http:\/\/www.mona-fliesa.de\/wp-content\/gallery\/badmoebel_2018\/Mondial-Fine.jpg\"\n               data-thumbnail=\"http:\/\/www.mona-fliesa.de\/wp-content\/gallery\/badmoebel_2018\/thumbs\/thumbs_Mondial-Fine.jpg\"\n               data-image-id=\"68\"\n               data-title=\"Mondial Fine\"\n               data-description=\"\"\n               data-image-slug=\"mondial-fine\"\n               class=\"ngg-fancybox\" rel=\"c502712fa20c281c1d7c51be104eb57b\">\n                <img\n                    title=\"Mondial Fine\"\n                    alt=\"Mondial Fine\"\n                    src=\"http:\/\/www.mona-fliesa.de\/wp-content\/gallery\/badmoebel_2018\/thumbs\/thumbs_Mondial-Fine.jpg\"\n                    width=\"240\"\n                    height=\"160\"\n                    style=\"max-width:100%;\"\n                \/>\n            <\/a>\n        <\/div>\n\t\t\t\t\t\t\t<\/div> \n\t\t\t\n        \n\t\t\t\t<div id=\"ngg-image-2\" class=\"ngg-gallery-thumbnail-box\" >\n\t\t\t\t        <div class=\"ngg-gallery-thumbnail\">\n            <a href=\"http:\/\/www.mona-fliesa.de\/wp-content\/gallery\/badmoebel_2018\/Mondial-Hay.jpg\"\n               title=\"\"\n               data-src=\"http:\/\/www.mona-fliesa.de\/wp-content\/gallery\/badmoebel_2018\/Mondial-Hay.jpg\"\n               data-thumbnail=\"http:\/\/www.mona-fliesa.de\/wp-content\/gallery\/badmoebel_2018\/thumbs\/thumbs_Mondial-Hay.jpg\"\n               data-image-id=\"70\"\n               data-title=\"Mondial Hay\"\n               data-description=\"\"\n               data-image-slug=\"mondial-hay\"\n               class=\"ngg-fancybox\" rel=\"c502712fa20c281c1d7c51be104eb57b\">\n                <img\n                    title=\"Mondial Hay\"\n                    alt=\"Mondial Hay\"\n                    src=\"http:\/\/www.mona-fliesa.de\/wp-content\/gallery\/badmoebel_2018\/thumbs\/thumbs_Mondial-Hay.jpg\"\n                    width=\"240\"\n                    height=\"160\"\n                    style=\"max-width:100%;\"\n                \/>\n            <\/a>\n        <\/div>\n\t\t\t\t\t\t\t<\/div> \n\t\t\t\n        \n\t\t\t\t<div id=\"ngg-image-3\" class=\"ngg-gallery-thumbnail-box\" >\n\t\t\t\t        <div class=\"ngg-gallery-thumbnail\">\n            <a href=\"http:\/\/www.mona-fliesa.de\/wp-content\/gallery\/badmoebel_2018\/Mondial-More.jpg\"\n               title=\"\"\n               data-src=\"http:\/\/www.mona-fliesa.de\/wp-content\/gallery\/badmoebel_2018\/Mondial-More.jpg\"\n               data-thumbnail=\"http:\/\/www.mona-fliesa.de\/wp-content\/gallery\/badmoebel_2018\/thumbs\/thumbs_Mondial-More.jpg\"\n               data-image-id=\"72\"\n               data-title=\"Mondial More\"\n               data-description=\"\"\n               data-image-slug=\"mondial-more\"\n               class=\"ngg-fancybox\" rel=\"c502712fa20c281c1d7c51be104eb57b\">\n                <img\n                    title=\"Mondial More\"\n                    alt=\"Mondial More\"\n                    src=\"http:\/\/www.mona-fliesa.de\/wp-content\/gallery\/badmoebel_2018\/thumbs\/thumbs_Mondial-More.jpg\"\n                    width=\"240\"\n                    height=\"160\"\n                    style=\"max-width:100%;\"\n                \/>\n            <\/a>\n        <\/div>\n\t\t\t\t\t\t\t<\/div> \n\t\t\t\n        \n\t\t\n\t\t<!-- Pagination -->\n\t<div class='ngg-clear'><\/div>\t<\/div>\n\n<p style=\"text-align: center;\"><span class=\"m\">Vereinbaren Sie einfach einen individuellen Beratungstermin in unserer Ausstellung.<\/span><\/p>\n<p>&nbsp;<\/p>\n<\/div>\n<\/div><\/div><\/div><\/div><\/div><\/div><\/div>","protected":false},"excerpt":{"rendered":"<p>Hier haben wir f\u00fcr Sie &#8211; als ersten Eindruck &#8211; einige Beispiele der Produkte, die wir f\u00fcr Sie bereithalten:&nbsp;&#8220; order_by=&#8220;sortorder&#8220; order_direction=&#8220;ASC&#8220; returns=&#8220;included&#8220; maximum_entity_count=&#8220;500&#8243;] Ab diesem Jahr erg\u00e4nzen wir unser Fliesenprogramm durch die innovativen und qualitativ hochwertigen Badm\u00f6bel der Firma Mondial.Hier ein Eindruck zur vielf\u00e4ltigen Produktpalette.&#8220; order_by=&#8220;sortorder&#8220; order_direction=&#8220;ASC&#8220; returns=&#8220;included&#8220; maximum_entity_count=&#8220;500&#8243;]Vereinbaren Sie einfach einen individuellen Beratungstermin in [&hellip;]<\/p>\n","protected":false},"author":1,"featured_media":0,"parent":0,"menu_order":0,"comment_status":"closed","ping_status":"closed","template":"page-templates\/page_fullwidth.php","meta":{"ngg_post_thumbnail":0},"_links":{"self":[{"href":"http:\/\/www.mona-fliesa.de\/index.php\/wp-json\/wp\/v2\/pages\/229"}],"collection":[{"href":"http:\/\/www.mona-fliesa.de\/index.php\/wp-json\/wp\/v2\/pages"}],"about":[{"href":"http:\/\/www.mona-fliesa.de\/index.php\/wp-json\/wp\/v2\/types\/page"}],"author":[{"embeddable":true,"href":"http:\/\/www.mona-fliesa.de\/index.php\/wp-json\/wp\/v2\/users\/1"}],"replies":[{"embeddable":true,"href":"http:\/\/www.mona-fliesa.de\/index.php\/wp-json\/wp\/v2\/comments?post=229"}],"version-history":[{"count":13,"href":"http:\/\/www.mona-fliesa.de\/index.php\/wp-json\/wp\/v2\/pages\/229\/revisions"}],"predecessor-version":[{"id":558,"href":"http:\/\/www.mona-fliesa.de\/index.php\/wp-json\/wp\/v2\/pages\/229\/revisions\/558"}],"wp:attachment":[{"href":"http:\/\/www.mona-fliesa.de\/index.php\/wp-json\/wp\/v2\/media?parent=229"}],"curies":[{"name":"wp","href":"https:\/\/api.w.org\/{rel}","templated":true}]}}